{"id":2087,"date":"2025-10-16T08:15:03","date_gmt":"2025-10-16T06:15:03","guid":{"rendered":"https:\/\/www.paroleetcoupdetheatre.fr\/?page_id=2087"},"modified":"2026-02-14T13:21:30","modified_gmt":"2026-02-14T12:21:30","slug":"le-chant-des-sept-tours","status":"publish","type":"page","link":"https:\/\/www.paroleetcoupdetheatre.fr\/index.php\/le-chant-des-sept-tours\/","title":{"rendered":"Le Chant des sept tours"},"content":{"rendered":"<div class=\"wp-block-image\">\n<figure class=\"aligncenter size-large\"><img loading=\"lazy\" decoding=\"async\" width=\"708\" height=\"1024\" src=\"https:\/\/www.paroleetcoupdetheatre.fr\/wp-content\/uploads\/2025\/10\/Le-chant-des-sept-tours-1-708x1024.jpg\" alt=\"\" class=\"wp-image-2088\" srcset=\"https:\/\/www.paroleetcoupdetheatre.fr\/wp-content\/uploads\/2025\/10\/Le-chant-des-sept-tours-1-708x1024.jpg 708w, https:\/\/www.paroleetcoupdetheatre.fr\/wp-content\/uploads\/2025\/10\/Le-chant-des-sept-tours-1-207x300.jpg 207w, https:\/\/www.paroleetcoupdetheatre.fr\/wp-content\/uploads\/2025\/10\/Le-chant-des-sept-tours-1-768x1111.jpg 768w, https:\/\/www.paroleetcoupdetheatre.fr\/wp-content\/uploads\/2025\/10\/Le-chant-des-sept-tours-1.jpg 1037w\" sizes=\"auto, (max-width: 708px) 100vw, 708px\" \/><\/figure>\n<\/div>\n\n\n<h3 class=\"wp-block-heading has-text-align-center\">Le Chant des sept tours de Laurent Gaud\u00e9<\/h3>\n\n\n\n<p class=\"has-text-align-center has-small-font-size\">\u00ab\u202fTous mes textes, je m\u2019en rends compte, sont au fond, \u00e9crits pour r\u00e9sonner face \u00e0 un public.\u202f\u00bb<br>Laurent Gaud\u00e9<\/p>\n\n\n\n<figure class=\"wp-block-pullquote\"><blockquote><p><br><strong>Ce spectacle est labellis\u00e9 par La Fondation pour la M\u00e9moire de l&rsquo;Esclavage<br>et re\u00e7oit le soutien de l\u2019Agence fran\u00e7aise de d\u00e9veloppement.<\/strong><\/p><\/blockquote><\/figure>\n\n\n\n<p class=\"has-medium-font-size\">\u00ab\u202fQuel chant \u2013 dans quelle langue \u2013 pourra dire la blessure de n\u2019\u00eatre plus rien\u202f?\u202f\u00bb Laurent Gaud\u00e9 r\u00e9pond \u00e0 cette interrogation par sa po\u00e9sie, \u00ab\u202fqui n\u2019oublie pas la vieille valeur sacr\u00e9e de l\u2019\u00e9crit\u202f: faire que des vies soient sauv\u00e9es du n\u00e9ant parce qu\u2019on les aura racont\u00e9es.\u202f\u00bb C\u2019est ainsi que&nbsp;<em>Le chant des sept tours&nbsp;<\/em>est une offrande aux oubli\u00e9s, aux engloutis, \u00e0 ceux qui ne sont rien, victimes anonymes de la cruaut\u00e9 humaine.Gorg\u00e9 de force et de col\u00e8re, ce po\u00e8me \u00e9voque un pass\u00e9 qui semble lointain, celui de la traite n\u00e9gri\u00e8re. Ce trafic d\u2019\u00eatres humains \u00e0 l\u2019\u00e9chelle industrielle joue un r\u00f4le fondateur dans les formes d\u2019oppression et d\u2019inhumanit\u00e9 actuelles et, si l\u2019esclavage a \u00e9t\u00e9 officiellement aboli dans le monde entier, un esclavage moderne subsiste en d\u00e9pit de la D\u00e9claration universelle des droits de l\u2019Homme.&nbsp;<em>Le Chant des sept tours<\/em>&nbsp;nous ram\u00e8ne aux racines du mal. Ce spectacle est une v\u00e9ritable exp\u00e9rience immersive dans laquelle le com\u00e9dien s\u2019adresse \u00e0 un \u00ab&nbsp;vous\u202f\u00bb qui, de spectateur, se retrouve bient\u00f4t au centre de l\u2019histoire. C\u2019est cette exp\u00e9rience&nbsp;qu\u2019Op\u00e9ra&nbsp;Th\u00e9\u00e2tre Volubilis a voulu mettre en voix et en musique.<\/p>\n\n\n\n<p>Avec&nbsp;Thierry Coma<\/p>\n\n\n\n<p>Mise en sc\u00e8ne et sc\u00e9nographie&nbsp;Karim Arrim<\/p>\n\n\n\n<p>Collaboration artistique&nbsp;Florence Guillemat-Szarvas<\/p>\n\n\n\n<p>Cr\u00e9ation costumes Eve Meunier<\/p>\n\n\n\n<p>Cr\u00e9ation sonore&nbsp;Fabien Portes<\/p>\n\n\n\n<p>Cr\u00e9ation lumi\u00e8re&nbsp;Benjamin Barbet&nbsp;<\/p>\n\n\n\n<p><strong>Production&nbsp;: Op\u00e9ra Th\u00e9\u00e2tre Volubilis et Parole et Coup de Th\u00e9\u00e2tre<\/strong><br><strong>En partenariat avec\u202f:<\/strong>la Fondation pour la M\u00e9moire de l\u2019Esclavage, l\u2019Agence fran\u00e7aise de d\u00e9veloppement, le minist\u00e8re de la Culture, la R\u00e9gion Occitanie Pyr\u00e9n\u00e9es-M\u00e9diterran\u00e9e, le d\u00e9partement des Pyr\u00e9n\u00e9es-Orientales et la ville de Cabestany<\/p>\n\n\n\n<p class=\"has-medium-font-size\"><strong>Avec le soutien&nbsp;:&nbsp;<\/strong>de la ville de Canet-en-Roussillon, du Th\u00e9\u00e2tre Aux Croisements, de L\u2019Autre Th\u00e9\u00e2tre, de la Casa Musicale<\/p>\n","protected":false},"excerpt":{"rendered":"<p>Le Chant des sept tours de Laurent Gaud\u00e9 \u00ab\u202fTous mes textes, je m\u2019en rends compte, sont au fond, \u00e9crits pour r\u00e9sonner face \u00e0 un public.\u202f\u00bbLaurent Gaud\u00e9 Ce spectacle est labellis\u00e9 par La Fondation pour la M\u00e9moire de l&rsquo;Esclavageet re\u00e7oit le soutien de l\u2019Agence fran\u00e7aise de d\u00e9veloppement. \u00ab\u202fQuel chant \u2013 dans [&hellip;]<\/p>\n","protected":false},"author":1,"featured_media":2088,"parent":0,"menu_order":0,"comment_status":"closed","ping_status":"closed","template":"","meta":{"_themeisle_gutenberg_block_has_review":false,"footnotes":""},"class_list":["post-2087","page","type-page","status-publish","has-post-thumbnail","hentry"],"_links":{"self":[{"href":"https:\/\/www.paroleetcoupdetheatre.fr\/index.php\/wp-json\/wp\/v2\/pages\/2087","targetHints":{"allow":["GET"]}}],"collection":[{"href":"https:\/\/www.paroleetcoupdetheatre.fr\/index.php\/wp-json\/wp\/v2\/pages"}],"about":[{"href":"https:\/\/www.paroleetcoupdetheatre.fr\/index.php\/wp-json\/wp\/v2\/types\/page"}],"author":[{"embeddable":true,"href":"https:\/\/www.paroleetcoupdetheatre.fr\/index.php\/wp-json\/wp\/v2\/users\/1"}],"replies":[{"embeddable":true,"href":"https:\/\/www.paroleetcoupdetheatre.fr\/index.php\/wp-json\/wp\/v2\/comments?post=2087"}],"version-history":[{"count":3,"href":"https:\/\/www.paroleetcoupdetheatre.fr\/index.php\/wp-json\/wp\/v2\/pages\/2087\/revisions"}],"predecessor-version":[{"id":2158,"href":"https:\/\/www.paroleetcoupdetheatre.fr\/index.php\/wp-json\/wp\/v2\/pages\/2087\/revisions\/2158"}],"wp:featuredmedia":[{"embeddable":true,"href":"https:\/\/www.paroleetcoupdetheatre.fr\/index.php\/wp-json\/wp\/v2\/media\/2088"}],"wp:attachment":[{"href":"https:\/\/www.paroleetcoupdetheatre.fr\/index.php\/wp-json\/wp\/v2\/media?parent=2087"}],"curies":[{"name":"wp","href":"https:\/\/api.w.org\/{rel}","templated":true}]}}